{"id":443,"date":"2017-08-09T13:28:22","date_gmt":"2017-08-09T13:28:22","guid":{"rendered":"https:\/\/victorthemes.com\/themes\/riffel\/?page_id=443"},"modified":"2026-02-14T16:07:46","modified_gmt":"2026-02-14T16:07:46","slug":"about","status":"publish","type":"page","link":"https:\/\/emrebayram.art\/index.php\/about\/","title":{"rendered":"About"},"content":{"rendered":"<div class=\"wpb-content-wrapper\"><p>[vc_row][vc_column][vc_column_text css=&#8221;&#8221;]<div class=\"section-title-wrap scrollme animateme  section-title-69f384feaf290\" data-when=\"exit\" data-from=\"0\" data-to=\"0.75\" data-opacity=\"1\" data-translatey=\"-250\"><h2 class=\"section-title\">\u0130\u015f de\u011fil tutku<\/h2><p>18 ya\u015f\u0131mdan itibaren profesyonel \u015fekilde reklam sekt\u00f6r\u00fcnde \u00e7al\u0131\u015f\u0131yorum. \u0130lk tasar\u0131m denemelerime ise 14 ya\u015f\u0131mda ba\u015flad\u0131m. Yapt\u0131\u011f\u0131m i\u015ften haz almaya odaklan\u0131yorum. S\u00fcrekli tasarlad\u0131\u011f\u0131m bir logoyu tabelalarda, ambalajlarda veya tasarlad\u0131\u011f\u0131m dergiyi birisi okurken hayal ediyorum. Bu y\u00fczden b\u00fcy\u00fck veya k\u00fc\u00e7\u00fck her projeye tutku ile yakla\u015f\u0131yorum. Kendimi daha iyi tasar\u0131mlar \u00e7\u0131karmaya zorlamay\u0131 seviyorum. Adobe Illustrator, Adobe Photoshop, Adobe Indesign programlar\u0131na son derece hakimim. Ayr\u0131ca Adobe After Effects, Adobe Premiere Pro ve di\u011fer Adobe Creative Cloud programlar\u0131n\u0131 da kullanabiliyorum. B\u00fct\u00fcn teknolojik geli\u015fmeleri takip etmemin d\u0131\u015f\u0131nda AI geli\u015fimini takip ediyor ve yard\u0131mc\u0131 olarak kullanmay\u0131 seviyorum. <\/p>\n <\/div>[\/vc_column_text][\/vc_column][\/vc_row]<\/p>\n<\/div>","protected":false},"excerpt":{"rendered":"[vc_row][vc_column][vc_column_text css=&#8221;&#8221;][\/vc_column_text][\/vc_column][\/vc_row]","protected":false},"author":1,"featured_media":0,"parent":0,"menu_order":0,"comment_status":"closed","ping_status":"closed","template":"","meta":{"footnotes":""},"class_list":["post-443","page","type-page","status-publish","hentry"],"_links":{"self":[{"href":"https:\/\/emrebayram.art\/index.php\/wp-json\/wp\/v2\/pages\/443","targetHints":{"allow":["GET"]}}],"collection":[{"href":"https:\/\/emrebayram.art\/index.php\/wp-json\/wp\/v2\/pages"}],"about":[{"href":"https:\/\/emrebayram.art\/index.php\/wp-json\/wp\/v2\/types\/page"}],"author":[{"embeddable":true,"href":"https:\/\/emrebayram.art\/index.php\/wp-json\/wp\/v2\/users\/1"}],"replies":[{"embeddable":true,"href":"https:\/\/emrebayram.art\/index.php\/wp-json\/wp\/v2\/comments?post=443"}],"version-history":[{"count":2,"href":"https:\/\/emrebayram.art\/index.php\/wp-json\/wp\/v2\/pages\/443\/revisions"}],"predecessor-version":[{"id":1621,"href":"https:\/\/emrebayram.art\/index.php\/wp-json\/wp\/v2\/pages\/443\/revisions\/1621"}],"wp:attachment":[{"href":"https:\/\/emrebayram.art\/index.php\/wp-json\/wp\/v2\/media?parent=443"}],"curies":[{"name":"wp","href":"https:\/\/api.w.org\/{rel}","templated":true}]}}